{"id":22954,"date":"2026-03-13T10:35:36","date_gmt":"2026-03-13T09:35:36","guid":{"rendered":"https:\/\/wydawnictwo.test.uksw.edu.pl\/?page_id=22954"},"modified":"2026-04-02T10:36:59","modified_gmt":"2026-04-02T08:36:59","slug":"faq","status":"publish","type":"page","link":"https:\/\/wydawnictwo.uksw.edu.pl\/dla-autorow\/faq\/","title":{"rendered":"FAQ"},"content":{"rendered":"\n<p>Wersja 1.0&nbsp; | Ostatnia aktualizacja: 2026-03-06<\/p>\n\n\n\n<p><em><strong>Czy mog\u0119 zg\u0142osi\u0107 publikacj\u0119 bez kompletu materia\u0142\u00f3w?<\/strong><\/em><\/p>\n\n\n\n<p>Zalecamy zg\u0142aszanie publikacji z kompletem plik\u00f3w i dokument\u00f3w. Braki formalne wyd\u0142u\u017caj\u0105 proces.<\/p>\n\n\n\n<p><a href=\"https:\/\/wydawnictwo.uksw.edu.pl\/dla-autorow\/zgloszenie-publikacji\/\" data-type=\"link\" data-id=\"https:\/\/wydawnictwo.test.uksw.edu.pl\/dla-autorow\/zgloszenie-publikacji\/\">Zg\u0142oszenie publikacji<\/a><\/p>\n\n\n\n<hr class=\"wp-block-separator has-alpha-channel-opacity\" \/>\n\n\n\n<p><em><strong>Czy autor mo\u017ce wskaza\u0107 recenzent\u00f3w?<\/strong><\/em><\/p>\n\n\n\n<p>Autor mo\u017ce wskaza\u0107 propozycje recenzent\u00f3w, ale propozycje nie s\u0105 wi\u0105\u017c\u0105ce. Wydawnictwo dobiera recenzent\u00f3w niezale\u017cnie.<\/p>\n\n\n\n<p><a href=\"https:\/\/wydawnictwo.uksw.edu.pl\/standardy-i-polityki\/procedura-recenzji\/\" data-type=\"link\" data-id=\"https:\/\/wydawnictwo.test.uksw.edu.pl\/standardy-i-polityki\/procedura-recenzji\/\">Procedura recenzji<\/a><\/p>\n\n\n\n<hr class=\"wp-block-separator has-alpha-channel-opacity\" \/>\n\n\n\n<p><em><strong>Czy finansowanie wp\u0142ywa na decyzj\u0119 o przyj\u0119ciu ksi\u0105\u017cki?<\/strong><\/em><\/p>\n\n\n\n<p>Nie. Decyzje podejmowane s\u0105 na podstawie jako\u015bci naukowej i recenzji.<\/p>\n\n\n\n<p><a href=\"https:\/\/wydawnictwo.uksw.edu.pl\/standardy-i-polityki\/polityka-oplat-i-niezaleznosc\/\" data-type=\"link\" data-id=\"https:\/\/wydawnictwo.test.uksw.edu.pl\/standardy-i-polityki\/polityka-oplat-i-niezaleznosc\/\">Polityka op\u0142at i niezale\u017cno\u015b\u0107<\/a><\/p>\n\n\n\n<hr class=\"wp-block-separator has-alpha-channel-opacity\" \/>\n\n\n\n<p><em><strong>Kto odpowiada za prawa do ilustracji i tabel?<\/strong><\/em><\/p>\n\n\n\n<p>Autor odpowiada za uzyskanie zg\u00f3d\/licencji i prawid\u0142owe oznaczenie \u017ar\u00f3de\u0142.<\/p>\n\n\n\n<p><a href=\"https:\/\/wydawnictwo.uksw.edu.pl\/dla-autorow\/umowy-i-prawa-autorskie\/\" data-type=\"link\" data-id=\"https:\/\/wydawnictwo.test.uksw.edu.pl\/dla-autorow\/umowy-i-prawa-autorskie\/\">Umowy i prawa autorskie<\/a><\/p>\n\n\n\n<p><a href=\"https:\/\/wydawnictwo.uksw.edu.pl\/dla-autorow\/wymagania-redakcyjne\/\" data-type=\"link\" data-id=\"https:\/\/wydawnictwo.test.uksw.edu.pl\/dla-autorow\/wymagania-redakcyjne\/\">Wymagania redakcyjne<\/a><\/p>\n\n\n\n<hr class=\"wp-block-separator has-alpha-channel-opacity\" \/>\n\n\n\n<p><em><strong>Czy musz\u0119 przygotowa\u0107 opisy alternatywne dla element\u00f3w graficznych w przypadku publikowania wersji elektronicznej?<\/strong><\/em><\/p>\n\n\n\n<p>Je\u015bli publikacja zawiera elementy graficzne, wymagamy przygotowania materia\u0142\u00f3w umo\u017cliwiaj\u0105cych opracowanie wersji dost\u0119pnych dla os\u00f3b z niepe\u0142nosprawno\u015bciami w celu spe\u0142nienia wymog\u00f3w ustawy o dost\u0119pno\u015bci cyfrowej. Autor zobowi\u0105zany jest wi\u0119c przygotowa\u0107 teksty alternatywne dla element\u00f3w graficznych.<\/p>\n\n\n\n<p><a href=\"https:\/\/wydawnictwo.uksw.edu.pl\/standardy-i-polityki\/dostepnosc-cyfrowa\/\" data-type=\"link\" data-id=\"https:\/\/wydawnictwo.test.uksw.edu.pl\/standardy-i-polityki\/dostepnosc-cyfrowa\/\">Dost\u0119pno\u015b\u0107 cyfrowa<\/a><\/p>\n\n\n\n<hr class=\"wp-block-separator has-alpha-channel-opacity\" \/>\n\n\n\n<p><em><strong>Czy mog\u0119 u\u017cywa\u0107 narz\u0119dzi AI?<\/strong><\/em><\/p>\n\n\n\n<p>Mo\u017cliwe jest wykorzystanie AI w spos\u00f3b wspieraj\u0105cy, przy zachowaniu odpowiedzialno\u015bci autora i obowi\u0105zku ujawnienia zgodnie z polityk\u0105.<\/p>\n\n\n\n<p><a href=\"https:\/\/wydawnictwo.uksw.edu.pl\/standardy-i-polityki\/polityka-wykorzystania-ai-pl-en\/\" data-type=\"link\" data-id=\"https:\/\/wydawnictwo.test.uksw.edu.pl\/standardy-i-polityki\/polityka-wykorzystania-ai-pl-en\/\">Polityka AI<\/a><\/p>\n\n\n\n<hr class=\"wp-block-separator has-alpha-channel-opacity\" \/>\n\n\n\n<p><em><strong>Czy istnieje mo\u017cliwo\u015b\u0107 przyspieszenia procesu za op\u0142at\u0105?<\/strong><\/em><\/p>\n\n\n\n<p>Nie. Wydawnictwo nie stosuje p\u0142atnych \u015bcie\u017cek przyspieszaj\u0105cych.<\/p>\n\n\n\n<p><a href=\"https:\/\/wydawnictwo.uksw.edu.pl\/standardy-i-polityki\/polityka-oplat-i-niezaleznosc\/\" data-type=\"link\" data-id=\"https:\/\/wydawnictwo.test.uksw.edu.pl\/standardy-i-polityki\/polityka-oplat-i-niezaleznosc\/\">Polityka op\u0142at i niezale\u017cno\u015b\u0107 decyzji<\/a><\/p>\n\n\n\n<p><\/p>\n","protected":false},"excerpt":{"rendered":"<p>Wersja 1.0&nbsp; | Ostatnia aktualizacja: 2026-03-06 Czy mog\u0119 zg\u0142osi\u0107 publikacj\u0119 bez kompletu materia\u0142\u00f3w? Zalecamy zg\u0142aszanie publikacji z kompletem plik\u00f3w i dokument\u00f3w. Braki formalne wyd\u0142u\u017caj\u0105 proces. Zg\u0142oszenie publikacji Czy autor mo\u017ce wskaza\u0107 recenzent\u00f3w? Autor mo\u017ce wskaza\u0107 propozycje recenzent\u00f3w, ale propozycje nie s\u0105 wi\u0105\u017c\u0105ce. Wydawnictwo dobiera recenzent\u00f3w niezale\u017cnie. Procedura recenzji Czy finansowanie wp\u0142ywa na decyzj\u0119 o przyj\u0119ciu [&hellip;]<\/p>\n","protected":false},"author":657,"featured_media":0,"parent":22666,"menu_order":0,"comment_status":"closed","ping_status":"closed","template":"page-templates\/template-sub-page.php","meta":{"_acf_changed":false,"inline_featured_image":false,"footnotes":"","_links_to":"","_links_to_target":""},"class_list":["post-22954","page","type-page","status-publish","hentry"],"acf":[],"_links":{"self":[{"href":"https:\/\/wydawnictwo.uksw.edu.pl\/pl\/wp-json\/wp\/v2\/pages\/22954","targetHints":{"allow":["GET"]}}],"collection":[{"href":"https:\/\/wydawnictwo.uksw.edu.pl\/pl\/wp-json\/wp\/v2\/pages"}],"about":[{"href":"https:\/\/wydawnictwo.uksw.edu.pl\/pl\/wp-json\/wp\/v2\/types\/page"}],"author":[{"embeddable":true,"href":"https:\/\/wydawnictwo.uksw.edu.pl\/pl\/wp-json\/wp\/v2\/users\/657"}],"replies":[{"embeddable":true,"href":"https:\/\/wydawnictwo.uksw.edu.pl\/pl\/wp-json\/wp\/v2\/comments?post=22954"}],"version-history":[{"count":18,"href":"https:\/\/wydawnictwo.uksw.edu.pl\/pl\/wp-json\/wp\/v2\/pages\/22954\/revisions"}],"predecessor-version":[{"id":23772,"href":"https:\/\/wydawnictwo.uksw.edu.pl\/pl\/wp-json\/wp\/v2\/pages\/22954\/revisions\/23772"}],"up":[{"embeddable":true,"href":"https:\/\/wydawnictwo.uksw.edu.pl\/pl\/wp-json\/wp\/v2\/pages\/22666"}],"wp:attachment":[{"href":"https:\/\/wydawnictwo.uksw.edu.pl\/pl\/wp-json\/wp\/v2\/media?parent=22954"}],"curies":[{"name":"wp","href":"https:\/\/api.w.org\/{rel}","templated":true}]}}