{"id":23962,"date":"2026-04-13T11:41:32","date_gmt":"2026-04-13T09:41:32","guid":{"rendered":"https:\/\/wydawnictwo.uksw.edu.pl\/?page_id=23962"},"modified":"2026-04-13T12:21:08","modified_gmt":"2026-04-13T10:21:08","slug":"aktualnosci","status":"publish","type":"page","link":"https:\/\/wydawnictwo.uksw.edu.pl\/aktualnosci\/","title":{"rendered":""},"content":{"rendered":"   <div class=\"\">\n\n\n<div class=\"news_page\">\n                <div class=\"container\"> \n                        <div class=\"row\">\n                                <div class=\"col-xl-10 col-lg-10 col-md-9 col-sm-12\">\n                                        <div class=\"heading_bg\">\n                                        <div class=\"headingh2\"><\/div>\n                                        <\/div>\n                                <\/div>\n                                <div class=\"col-xl-2 col-lg-2 col-md-3 col-sm-12\">\n                                                                    <\/div>\n                        <\/div>\n\n                        <div class=\"row\">\n                                                 \n\n                                    \n\n                       <div class=\"col-xxl-4 col-xl-6 col-lg-6 col-md-12 col-sm-12 project\">\n                          <a href=\"https:\/\/wydawnictwo.uksw.edu.pl\/?post_type=post&#038;p=24036\">\n                                <div class=\"image_container project_box\">\n                                    <img decoding=\"async\" src=\"https:\/\/wydawnictwo.uksw.edu.pl\/wp-content\/uploads\/sites\/81\/2026\/04\/La-politica-della-storia-obrazek-507x388.jpg\" class=\"image_inner\" alt=\"\">\n                                        <div class=\"overlay\">\n                                            <div class=\"text\">\n                                                <div class=\"text1\">La politica della storia. Tra letteratura e interpretazioni&#8230;<\/div>\n                                                <div class=\"text2\">\u201eIl presente volume raccoglie una selezione degli interventi presentati al convegno&#8230;<\/div>\n                                            <\/div>\n                                        <\/div>\n                                <\/div>\n                                <\/a>\n                          <\/div>\n\n                                       \n\n                                        \n\n                       <div class=\"col-xxl-4 col-xl-6 col-lg-6 col-md-12 col-sm-12 project\">\n                          <a href=\"https:\/\/ksiegarnia.uksw.edu.pl\/ksiegarnia\/1575-241-2026-studia-ecologiae-et-bioethicae.html\">\n                                <div class=\"image_container project_box\">\n                                    <img decoding=\"async\" src=\"https:\/\/wydawnictwo.uksw.edu.pl\/wp-content\/uploads\/sites\/81\/2026\/04\/SEetB-2026-1-obrazek-507x388.png\" class=\"image_inner\" alt=\"\">\n                                        <div class=\"overlay\">\n                                            <div class=\"text\">\n                                                <div class=\"text1\">24\/1 (2026) Studia Ecologiae et Bioethicae<\/div>\n                                                <div class=\"text2\"><\/div>\n                                            <\/div>\n                                        <\/div>\n                                <\/div>\n                                <\/a>\n                          <\/div>\n\n                                       \n\n                                        \n\n                       <div class=\"col-xxl-4 col-xl-6 col-lg-6 col-md-12 col-sm-12 project\">\n                          <a href=\"https:\/\/wydawnictwo.uksw.edu.pl\/?post_type=post&#038;p=23995\">\n                                <div class=\"image_container project_box\">\n                                    <img decoding=\"async\" src=\"https:\/\/wydawnictwo.uksw.edu.pl\/wp-content\/uploads\/sites\/81\/2026\/04\/Feniks-Lament-507x388.jpg\" class=\"image_inner\" alt=\"\">\n                                        <div class=\"overlay\">\n                                            <div class=\"text\">\n                                                <div class=\"text1\">Feniks 2026 dla Wydawnictwa Naukowego UKSW<\/div>\n                                                <div class=\"text2\">Wydawnictwo Naukowe UKSW zosta\u0142o jednym z g\u0142\u00f3wnych laureat\u00f3w tegorocznych Targ\u00f3w&#8230;<\/div>\n                                            <\/div>\n                                        <\/div>\n                                <\/div>\n                                <\/a>\n                          <\/div>\n\n                                       \n\n                                        \n\n                       <div class=\"col-xxl-4 col-xl-6 col-lg-6 col-md-12 col-sm-12 project\">\n                          <a href=\"https:\/\/wydawnictwo.uksw.edu.pl\/?post_type=post&#038;p=23988\">\n                                <div class=\"image_container project_box\">\n                                    <img decoding=\"async\" src=\"https:\/\/wydawnictwo.uksw.edu.pl\/wp-content\/uploads\/sites\/81\/2026\/04\/Skolimowska-UE-obrazek-507x388.png\" class=\"image_inner\" alt=\"\">\n                                        <div class=\"overlay\">\n                                            <div class=\"text\">\n                                                <div class=\"text1\">Unia Europejska w stosunkach mi\u0119dzynarodowych<\/div>\n                                                <div class=\"text2\">\u201eW obliczu zmian w \u0142adzie mi\u0119dzynarodowym po rosyjskiej agresji na Ukrain\u0119 w&#8230;<\/div>\n                                            <\/div>\n                                        <\/div>\n                                <\/div>\n                                <\/a>\n                          <\/div>\n\n                                       \n\n                                        \n\n                       <div class=\"col-xxl-4 col-xl-6 col-lg-6 col-md-12 col-sm-12 project\">\n                          <a href=\"https:\/\/wydawnictwo.uksw.edu.pl\/?post_type=post&#038;p=23982\">\n                                <div class=\"image_container project_box\">\n                                    <img decoding=\"async\" src=\"https:\/\/wydawnictwo.uksw.edu.pl\/wp-content\/uploads\/sites\/81\/2026\/04\/Taniec-pol-bulg-grafika-507x388.png\" class=\"image_inner\" alt=\"\">\n                                        <div class=\"overlay\">\n                                            <div class=\"text\">\n                                                <div class=\"text1\">Taniec w literaturze i kulturze polskiej i bu\u0142garskiej&#8230;<\/div>\n                                                <div class=\"text2\">Tom, kt\u00f3ry oddajemy w r\u0119ce Czytelnik\u00f3w, zawiera kilkana\u015bcie artyku\u0142\u00f3w po\u015bwi\u0119conych&#8230;<\/div>\n                                            <\/div>\n                                        <\/div>\n                                <\/div>\n                                <\/a>\n                          <\/div>\n\n                                       \n\n                                        \n\n                       <div class=\"col-xxl-4 col-xl-6 col-lg-6 col-md-12 col-sm-12 project\">\n                          <a href=\"https:\/\/wydawnictwo.uksw.edu.pl\/?post_type=post&#038;p=23973\">\n                                <div class=\"image_container project_box\">\n                                    <img decoding=\"async\" src=\"https:\/\/wydawnictwo.uksw.edu.pl\/wp-content\/uploads\/sites\/81\/2026\/04\/Geneza-soborow-2-507x388.jpg\" class=\"image_inner\" alt=\"\">\n                                        <div class=\"overlay\">\n                                            <div class=\"text\">\n                                                <div class=\"text1\">Geneza sobor\u00f3w powszechnych w staro\u017cytnym Ko\u015bciele<\/div>\n                                                <div class=\"text2\">Niniejsza praca podejmuje analiz\u0119 genezy sobor\u00f3w powszechnych w staro\u017cytnym&#8230;<\/div>\n                                            <\/div>\n                                        <\/div>\n                                <\/div>\n                                <\/a>\n                          <\/div>\n\n                                       \n\n                                        \n\n                       <div class=\"col-xxl-4 col-xl-6 col-lg-6 col-md-12 col-sm-12 project\">\n                          <a href=\"https:\/\/wydawnictwo.uksw.edu.pl\/?post_type=post&#038;p=23957\">\n                                <div class=\"image_container project_box\">\n                                    <img decoding=\"async\" src=\"https:\/\/wydawnictwo.uksw.edu.pl\/wp-content\/uploads\/sites\/81\/2026\/04\/Wertykalizm-w-kulturze-507x388.jpg\" class=\"image_inner\" alt=\"\">\n                                        <div class=\"overlay\">\n                                            <div class=\"text\">\n                                                <div class=\"text1\">[E-BOOK] Wertykalizm w kulturze<\/div>\n                                                <div class=\"text2\">W terminologii sztuk pi\u0119knych wertykalizm definiowany jest jako zasada kompozycyjna&#8230;<\/div>\n                                            <\/div>\n                                        <\/div>\n                                <\/div>\n                                <\/a>\n                          <\/div>\n\n                                       \n\n                                        \n\n                       <div class=\"col-xxl-4 col-xl-6 col-lg-6 col-md-12 col-sm-12 project\">\n                          <a href=\"https:\/\/wydawnictwo.uksw.edu.pl\/?post_type=post&#038;p=23943\">\n                                <div class=\"image_container project_box\">\n                                    <img decoding=\"async\" src=\"https:\/\/wydawnictwo.uksw.edu.pl\/wp-content\/uploads\/sites\/81\/2026\/04\/XXXI-TWK-grafika-507x388.jpg\" class=\"image_inner\" alt=\"\">\n                                        <div class=\"overlay\">\n                                            <div class=\"text\">\n                                                <div class=\"text1\">Zapraszamy na Targi Wydawc\u00f3w Katolickich<\/div>\n                                                <div class=\"text2\">Ju\u017c w czwartek startuj\u0105 Targi Wydawc\u00f3w Katolickich w Warszawie. W\u015br\u00f3d wydawc\u00f3w&#8230;<\/div>\n                                            <\/div>\n                                        <\/div>\n                                <\/div>\n                                <\/a>\n                          <\/div>\n\n                                       \n\n                                        \n\n                       <div class=\"col-xxl-4 col-xl-6 col-lg-6 col-md-12 col-sm-12 project\">\n                          <a href=\"https:\/\/wydawnictwo.uksw.edu.pl\/?post_type=post&#038;p=23937\">\n                                <div class=\"image_container project_box\">\n                                    <img decoding=\"async\" src=\"https:\/\/wydawnictwo.uksw.edu.pl\/wp-content\/uploads\/sites\/81\/2026\/04\/Beda-w-3-odslonach-507x388.jpg\" class=\"image_inner\" alt=\"\">\n                                        <div class=\"overlay\">\n                                            <div class=\"text\">\n                                                <div class=\"text1\">Trzy dzie\u0142a Bedy Czcigodny znowu dost\u0119pne<\/div>\n                                                <div class=\"text2\">D\u0142ugo oczekiwane wznowienia dzie\u0142 Bedy Czcigodnego sta\u0142o si\u0119 faktem. W naszej&#8230;<\/div>\n                                            <\/div>\n                                        <\/div>\n                                <\/div>\n                                <\/a>\n                          <\/div>\n\n                                       \n\n                                        \n\n                       <div class=\"col-xxl-4 col-xl-6 col-lg-6 col-md-12 col-sm-12 project\">\n                          <a href=\"https:\/\/wydawnictwo.uksw.edu.pl\/?post_type=post&#038;p=23935\">\n                                <div class=\"image_container project_box\">\n                                    <img decoding=\"async\" src=\"https:\/\/wydawnictwo.uksw.edu.pl\/wp-content\/uploads\/sites\/81\/2026\/04\/Transmisja-platnosci-obraz-507x388.jpg\" class=\"image_inner\" alt=\"\">\n                                        <div class=\"overlay\">\n                                            <div class=\"text\">\n                                                <div class=\"text1\">[E-BOOK] Transmisja p\u0142atno\u015bci bezpo\u015brednich w procesach&#8230;<\/div>\n                                                <div class=\"text2\">Monografia dr. Adriana Sad\u0142owskiego pt. \u201eTransmisja p\u0142atno\u015bci bezpo\u015brednich&#8230;<\/div>\n                                            <\/div>\n                                        <\/div>\n                                <\/div>\n                                <\/a>\n                          <\/div>\n\n                                       \n\n                                        \n\n                       <div class=\"col-xxl-4 col-xl-6 col-lg-6 col-md-12 col-sm-12 project\">\n                          <a href=\"https:\/\/ksiegarnia.uksw.edu.pl\/ksiegarnia\/1571-zeszyty-prawnicze-254.html\">\n                                <div class=\"image_container project_box\">\n                                    <img decoding=\"async\" src=\"https:\/\/wydawnictwo.uksw.edu.pl\/wp-content\/uploads\/sites\/81\/2026\/04\/ZP-2025-4-obrazek-507x388.png\" class=\"image_inner\" alt=\"\">\n                                        <div class=\"overlay\">\n                                            <div class=\"text\">\n                                                <div class=\"text1\">Zeszyty Prawnicze nr 25.4<\/div>\n                                                <div class=\"text2\"><\/div>\n                                            <\/div>\n                                        <\/div>\n                                <\/div>\n                                <\/a>\n                          <\/div>\n\n                                       \n\n                                        \n\n                       <div class=\"col-xxl-4 col-xl-6 col-lg-6 col-md-12 col-sm-12 project\">\n                          <a href=\"https:\/\/ksiegarnia.uksw.edu.pl\/ksiegarnia\/1570-122025-zalacznik-kulturoznawczy.html\">\n                                <div class=\"image_container project_box\">\n                                    <img decoding=\"async\" src=\"https:\/\/wydawnictwo.uksw.edu.pl\/wp-content\/uploads\/sites\/81\/2026\/04\/ZK-2025-12-obrazek-1-507x388.jpg\" class=\"image_inner\" alt=\"\">\n                                        <div class=\"overlay\">\n                                            <div class=\"text\">\n                                                <div class=\"text1\">Za\u0142\u0105cznik Kulturoznawczy nr 12\/2025<\/div>\n                                                <div class=\"text2\"><\/div>\n                                            <\/div>\n                                        <\/div>\n                                <\/div>\n                                <\/a>\n                          <\/div>\n\n                                       \n\n                                        \n\n                       <div class=\"col-xxl-4 col-xl-6 col-lg-6 col-md-12 col-sm-12 project\">\n                          <a href=\"https:\/\/ksiegarnia.uksw.edu.pl\/ksiegarnia\/1569-2602025-warszawskie-studia-pastoralne.html\">\n                                <div class=\"image_container project_box\">\n                                    <img decoding=\"async\" src=\"https:\/\/wydawnictwo.uksw.edu.pl\/wp-content\/uploads\/sites\/81\/2026\/04\/WSP-2025-2-obrazek-507x388.png\" class=\"image_inner\" alt=\"\">\n                                        <div class=\"overlay\">\n                                            <div class=\"text\">\n                                                <div class=\"text1\">Warszawskie Studia Pastoralne nr 2(60)2025<\/div>\n                                                <div class=\"text2\"><\/div>\n                                            <\/div>\n                                        <\/div>\n                                <\/div>\n                                <\/a>\n                          <\/div>\n\n                                       \n\n                                        \n\n                       <div class=\"col-xxl-4 col-xl-6 col-lg-6 col-md-12 col-sm-12 project\">\n                          <a href=\"https:\/\/ksiegarnia.uksw.edu.pl\/ksiegarnia\/1568-42025-collectanea-theologica.html\">\n                                <div class=\"image_container project_box\">\n                                    <img decoding=\"async\" src=\"https:\/\/wydawnictwo.uksw.edu.pl\/wp-content\/uploads\/sites\/81\/2026\/04\/CT-4-2025-obrazek-507x388.png\" class=\"image_inner\" alt=\"\">\n                                        <div class=\"overlay\">\n                                            <div class=\"text\">\n                                                <div class=\"text1\">Collectanea Theologica nr 4\/2025<\/div>\n                                                <div class=\"text2\"><\/div>\n                                            <\/div>\n                                        <\/div>\n                                <\/div>\n                                <\/a>\n                          <\/div>\n\n                                       \n\n                                        \n\n                       <div class=\"col-xxl-4 col-xl-6 col-lg-6 col-md-12 col-sm-12 project\">\n                          <a href=\"https:\/\/ksiegarnia.uksw.edu.pl\/ksiegarnia\/1426-komentarz-do-ksiegi-pierwszej-kodeksu-prawa-kanonicznego.html\">\n                                <div class=\"image_container project_box\">\n                                    <img decoding=\"async\" src=\"https:\/\/wydawnictwo.uksw.edu.pl\/wp-content\/uploads\/sites\/81\/2026\/04\/Dzierzon-Komentarz-do-ksiegi-pierwszej-KPK-obrazek-507x388.png\" class=\"image_inner\" alt=\"\">\n                                        <div class=\"overlay\">\n                                            <div class=\"text\">\n                                                <div class=\"text1\">Ksi\u0105\u017cka ks. prof. Dzier\u017cona znowu dost\u0119pna!<\/div>\n                                                <div class=\"text2\">Dodruk &#8222;Komentarza do Ksi\u0119gi Pierwszej Kodeksu Prawa&#8230;<\/div>\n                                            <\/div>\n                                        <\/div>\n                                <\/div>\n                                <\/a>\n                          <\/div>\n\n                                       \n\n                                        \n                                        <div class=\"col-xl-12\">\n                                                                                  <div class=\"pages\"><nav aria-label=\"Nawigacja stron\">\r\n\t\t\t\r\n\t\t\t<ul class=\"pagination \"><li class=\"page-item\"><a class=\"page-link\" href=\"#\" aria-label=\"Poprzednia strona \">\r\n       <span aria-hidden=\"true\"><img decoding=\"async\" src=\"https:\/\/wydawnictwo.uksw.edu.pl\/wp-content\/themes\/uksw\/images\/grey_page_arrow.svg\" alt=\"\"> <\/span><\/a><\/li><li class=\"page-item\"><span aria-current=\"page\" class=\"page-link  current\">1<\/span><\/li><li class=\"page-item\"><a class=\"page-link\" aria-label=\"2. strona \" href=\"https:\/\/wydawnictwo.uksw.edu.pl\/pl\/wp-json\/wp\/v2\/pages\/23962\/page\/2\/\">2<\/a><\/li><li class=\"page-item\"><a class=\"page-link next but_next\" aria-label=\"Nast\u0119pna strona \" href=\"https:\/\/wydawnictwo.uksw.edu.pl\/pl\/wp-json\/wp\/v2\/pages\/23962\/page\/2\/\"><img decoding=\"async\" src=\"https:\/\/wydawnictwo.uksw.edu.pl\/wp-content\/themes\/uksw\/images\/blue_page_arrow.svg\" alt=\"Nast\u0119pna\"><\/a><\/li><\/ul>\r\n\r\n\t\t<\/nav><\/div>                                          <\/div>\n                            \n                        <\/div>\n\n\n                <\/div>\n        <\/div>\n\n\n<\/div>\n","protected":false},"excerpt":{"rendered":"","protected":false},"author":3,"featured_media":0,"parent":0,"menu_order":0,"comment_status":"closed","ping_status":"closed","template":"page-templates\/template-full-page.php","meta":{"_acf_changed":false,"inline_featured_image":false,"footnotes":"","_links_to":"","_links_to_target":""},"class_list":["post-23962","page","type-page","status-publish","hentry"],"acf":[],"_links":{"self":[{"href":"https:\/\/wydawnictwo.uksw.edu.pl\/pl\/wp-json\/wp\/v2\/pages\/23962","targetHints":{"allow":["GET"]}}],"collection":[{"href":"https:\/\/wydawnictwo.uksw.edu.pl\/pl\/wp-json\/wp\/v2\/pages"}],"about":[{"href":"https:\/\/wydawnictwo.uksw.edu.pl\/pl\/wp-json\/wp\/v2\/types\/page"}],"author":[{"embeddable":true,"href":"https:\/\/wydawnictwo.uksw.edu.pl\/pl\/wp-json\/wp\/v2\/users\/3"}],"replies":[{"embeddable":true,"href":"https:\/\/wydawnictwo.uksw.edu.pl\/pl\/wp-json\/wp\/v2\/comments?post=23962"}],"version-history":[{"count":3,"href":"https:\/\/wydawnictwo.uksw.edu.pl\/pl\/wp-json\/wp\/v2\/pages\/23962\/revisions"}],"predecessor-version":[{"id":23968,"href":"https:\/\/wydawnictwo.uksw.edu.pl\/pl\/wp-json\/wp\/v2\/pages\/23962\/revisions\/23968"}],"wp:attachment":[{"href":"https:\/\/wydawnictwo.uksw.edu.pl\/pl\/wp-json\/wp\/v2\/media?parent=23962"}],"curies":[{"name":"wp","href":"https:\/\/api.w.org\/{rel}","templated":true}]}}